{"id":136,"date":"2013-10-16T21:43:11","date_gmt":"2013-10-16T20:43:11","guid":{"rendered":"http:\/\/pro.souslacerise.fr\/?page_id=136"},"modified":"2024-03-22T14:28:24","modified_gmt":"2024-03-22T13:28:24","slug":"photo-journaliste-2","status":"publish","type":"page","link":"https:\/\/pro.souslacerise.fr\/?page_id=136","title":{"rendered":"Photo journalisme"},"content":{"rendered":"<div class=\"wp-block-image\">\n<figure class=\"aligncenter size-large is-resized\"><a href=\"https:\/\/pro.souslacerise.fr\/wp-content\/uploads\/2012\/12\/MG_8424.jpg\"><img decoding=\"async\" loading=\"lazy\" width=\"1024\" height=\"682\" src=\"https:\/\/pro.souslacerise.fr\/wp-content\/uploads\/2012\/12\/MG_8424-1024x682.jpg\" alt=\"\" class=\"wp-image-47\" style=\"aspect-ratio:1.501466275659824;width:294px;height:auto\" srcset=\"https:\/\/pro.souslacerise.fr\/wp-content\/uploads\/2012\/12\/MG_8424-1024x682.jpg 1024w, https:\/\/pro.souslacerise.fr\/wp-content\/uploads\/2012\/12\/MG_8424-300x200.jpg 300w\" sizes=\"(max-width: 1024px) 100vw, 1024px\" \/><\/a><\/figure><\/div>\n\n\n<p><\/p>\n\n\n\n<p>Je ne suis pas s\u00fbre de comprendre comment je me suis retrouv\u00e9e \u00e0 patauger dans la neige fondue, progressant aussi efficacement qu&rsquo;un manchot dans le d\u00e9sert, une b\u00e9quille dans chaque main, avec ma m\u00e8re qui portait mon mat\u00e9riel (et m\u2019emp\u00eachait de m&rsquo;\u00e9taler proprement dans la boue). Cet hiver 2013, j&rsquo;ai appris le job, tant bien que mal, malgr\u00e9 une jambe r\u00e9duite en bouillie, malgr\u00e9 une m\u00e9t\u00e9o disons&#8230; douteuse, malgr\u00e9 un cadre scolaire pas sp\u00e9cialement stimulant, malgr\u00e9 la fatigue&#8230; Et le pire c&rsquo;est que j&rsquo;ai ador\u00e9 \u00e7a (je vous laisse seule juge de ma sant\u00e9 mentale).<\/p>\n\n\n\n<p>Il en est sorti un premier reportage sur <a href=\"https:\/\/pro.souslacerise.fr\/wp-content\/uploads\/2014\/10\/Chemin-de-rouille.pdf\">les friches industrielles de la Suisse Normande<\/a> (je vous jure que cet endroit existe&#8230; C&rsquo;est m\u00eame plut\u00f4t joli), et un go\u00fbt prononc\u00e9 pour les ruines, la rouille, ce qu&rsquo;on ne voit plus, ceux qui passent inaper\u00e7u, les d\u00e9tails, l&rsquo;absurde et la po\u00e9sie des petites choses.<\/p>\n\n\n\n<figure class=\"wp-block-gallery has-nested-images columns-default is-cropped wp-block-gallery-1 is-layout-flex wp-block-gallery-is-layout-flex\">\n<figure class=\"wp-block-image size-large\"><a href=\"https:\/\/pro.souslacerise.fr\/wp-content\/uploads\/2013\/01\/IMG_0587.jpg\"><img decoding=\"async\" loading=\"lazy\" width=\"1024\" height=\"683\" data-id=\"81\" src=\"https:\/\/pro.souslacerise.fr\/wp-content\/uploads\/2013\/01\/IMG_0587.jpg\" alt=\"\" class=\"wp-image-81\" srcset=\"https:\/\/pro.souslacerise.fr\/wp-content\/uploads\/2013\/01\/IMG_0587.jpg 1024w, https:\/\/pro.souslacerise.fr\/wp-content\/uploads\/2013\/01\/IMG_0587-300x200.jpg 300w\" sizes=\"(max-width: 1024px) 100vw, 1024px\" \/><\/a><figcaption class=\"wp-element-caption\">Festival d&rsquo;Aurillac &#8211; 2011<\/figcaption><\/figure>\n\n\n\n<figure class=\"wp-block-image size-large\"><a href=\"https:\/\/pro.souslacerise.fr\/wp-content\/uploads\/2013\/01\/IMG_0598.jpg\"><img decoding=\"async\" loading=\"lazy\" width=\"1024\" height=\"683\" data-id=\"82\" src=\"https:\/\/pro.souslacerise.fr\/wp-content\/uploads\/2013\/01\/IMG_0598.jpg\" alt=\"\" class=\"wp-image-82\" srcset=\"https:\/\/pro.souslacerise.fr\/wp-content\/uploads\/2013\/01\/IMG_0598.jpg 1024w, https:\/\/pro.souslacerise.fr\/wp-content\/uploads\/2013\/01\/IMG_0598-300x200.jpg 300w\" sizes=\"(max-width: 1024px) 100vw, 1024px\" \/><\/a><figcaption class=\"wp-element-caption\">Festival d&rsquo;Aurillac &#8211; 2011<\/figcaption><\/figure>\n\n\n\n<figure class=\"wp-block-image size-large\"><a href=\"https:\/\/pro.souslacerise.fr\/wp-content\/uploads\/2013\/01\/IMG_0602.jpg\"><img decoding=\"async\" loading=\"lazy\" width=\"1024\" height=\"683\" data-id=\"83\" src=\"https:\/\/pro.souslacerise.fr\/wp-content\/uploads\/2013\/01\/IMG_0602.jpg\" alt=\"\" class=\"wp-image-83\" srcset=\"https:\/\/pro.souslacerise.fr\/wp-content\/uploads\/2013\/01\/IMG_0602.jpg 1024w, https:\/\/pro.souslacerise.fr\/wp-content\/uploads\/2013\/01\/IMG_0602-300x200.jpg 300w\" sizes=\"(max-width: 1024px) 100vw, 1024px\" \/><\/a><figcaption class=\"wp-element-caption\">Festival d&rsquo;Aurillac &#8211; 2011<\/figcaption><\/figure>\n\n\n\n<figure class=\"wp-block-image size-large\"><a href=\"https:\/\/pro.souslacerise.fr\/wp-content\/uploads\/2013\/01\/IMG_0762.jpg\"><img decoding=\"async\" loading=\"lazy\" width=\"1024\" height=\"683\" data-id=\"84\" src=\"https:\/\/pro.souslacerise.fr\/wp-content\/uploads\/2013\/01\/IMG_0762.jpg\" alt=\"\" class=\"wp-image-84\" srcset=\"https:\/\/pro.souslacerise.fr\/wp-content\/uploads\/2013\/01\/IMG_0762.jpg 1024w, https:\/\/pro.souslacerise.fr\/wp-content\/uploads\/2013\/01\/IMG_0762-300x200.jpg 300w\" sizes=\"(max-width: 1024px) 100vw, 1024px\" \/><\/a><figcaption class=\"wp-element-caption\">Test de recette pour Normandie Junior &#8211; 2010<\/figcaption><\/figure>\n\n\n\n<figure class=\"wp-block-image size-large\"><a href=\"https:\/\/pro.souslacerise.fr\/wp-content\/uploads\/2013\/01\/IMG_0781.jpg\"><img decoding=\"async\" loading=\"lazy\" width=\"1024\" height=\"683\" data-id=\"85\" src=\"https:\/\/pro.souslacerise.fr\/wp-content\/uploads\/2013\/01\/IMG_0781.jpg\" alt=\"\" class=\"wp-image-85\" srcset=\"https:\/\/pro.souslacerise.fr\/wp-content\/uploads\/2013\/01\/IMG_0781.jpg 1024w, https:\/\/pro.souslacerise.fr\/wp-content\/uploads\/2013\/01\/IMG_0781-300x200.jpg 300w\" sizes=\"(max-width: 1024px) 100vw, 1024px\" \/><\/a><figcaption class=\"wp-element-caption\">Test de recette pour Normandie Junior &#8211; 2010<\/figcaption><\/figure>\n\n\n\n<figure class=\"wp-block-image size-large\"><a href=\"https:\/\/pro.souslacerise.fr\/wp-content\/uploads\/2013\/01\/IMG_0803.jpg\"><img decoding=\"async\" loading=\"lazy\" width=\"1024\" height=\"683\" data-id=\"86\" src=\"https:\/\/pro.souslacerise.fr\/wp-content\/uploads\/2013\/01\/IMG_0803.jpg\" alt=\"\" class=\"wp-image-86\" srcset=\"https:\/\/pro.souslacerise.fr\/wp-content\/uploads\/2013\/01\/IMG_0803.jpg 1024w, https:\/\/pro.souslacerise.fr\/wp-content\/uploads\/2013\/01\/IMG_0803-300x200.jpg 300w\" sizes=\"(max-width: 1024px) 100vw, 1024px\" \/><\/a><figcaption class=\"wp-element-caption\">Test de recette pour Normandie Junior &#8211; 2010<\/figcaption><\/figure>\n\n\n\n<figure class=\"wp-block-image size-large\"><a href=\"https:\/\/pro.souslacerise.fr\/wp-content\/uploads\/2013\/01\/IMG_0806.jpg\"><img decoding=\"async\" loading=\"lazy\" width=\"1024\" height=\"683\" data-id=\"87\" src=\"https:\/\/pro.souslacerise.fr\/wp-content\/uploads\/2013\/01\/IMG_0806.jpg\" alt=\"\" class=\"wp-image-87\" srcset=\"https:\/\/pro.souslacerise.fr\/wp-content\/uploads\/2013\/01\/IMG_0806.jpg 1024w, https:\/\/pro.souslacerise.fr\/wp-content\/uploads\/2013\/01\/IMG_0806-300x200.jpg 300w\" sizes=\"(max-width: 1024px) 100vw, 1024px\" \/><\/a><figcaption class=\"wp-element-caption\">Test de recette pour Normandie Junior &#8211; 2010<\/figcaption><\/figure>\n\n\n\n<figure class=\"wp-block-image size-large\"><a href=\"https:\/\/pro.souslacerise.fr\/wp-content\/uploads\/2013\/01\/IMG_1201.jpg\"><img decoding=\"async\" loading=\"lazy\" width=\"512\" height=\"768\" data-id=\"88\" src=\"https:\/\/pro.souslacerise.fr\/wp-content\/uploads\/2013\/01\/IMG_1201.jpg\" alt=\"\" class=\"wp-image-88\" srcset=\"https:\/\/pro.souslacerise.fr\/wp-content\/uploads\/2013\/01\/IMG_1201.jpg 512w, https:\/\/pro.souslacerise.fr\/wp-content\/uploads\/2013\/01\/IMG_1201-200x300.jpg 200w\" sizes=\"(max-width: 512px) 100vw, 512px\" \/><\/a><figcaption class=\"wp-element-caption\">Blocage b\u00e2timent de droit, universit\u00e9 de Caen, contre la r\u00e9forme des retraite &#8211; 2011<\/figcaption><\/figure>\n\n\n\n<figure class=\"wp-block-image size-large\"><a href=\"https:\/\/pro.souslacerise.fr\/wp-content\/uploads\/2013\/01\/IMG_1309-copie-retouch\u00e9e.jpg\"><img decoding=\"async\" loading=\"lazy\" width=\"544\" height=\"768\" data-id=\"89\" src=\"https:\/\/pro.souslacerise.fr\/wp-content\/uploads\/2013\/01\/IMG_1309-copie-retouch\u00e9e.jpg\" alt=\"\" class=\"wp-image-89\" srcset=\"https:\/\/pro.souslacerise.fr\/wp-content\/uploads\/2013\/01\/IMG_1309-copie-retouch\u00e9e.jpg 544w, https:\/\/pro.souslacerise.fr\/wp-content\/uploads\/2013\/01\/IMG_1309-copie-retouch\u00e9e-212x300.jpg 212w\" sizes=\"(max-width: 544px) 100vw, 544px\" \/><\/a><figcaption class=\"wp-element-caption\">\u00c9chauffour\u00e9e dans la rue Froide \u00e0 Caen lors d&rsquo;un tournage d&rsquo;un clip pour miss France 2011<\/figcaption><\/figure>\n\n\n\n<figure class=\"wp-block-image size-large\"><a href=\"https:\/\/pro.souslacerise.fr\/wp-content\/uploads\/2013\/01\/IMG_1319.jpg\"><img decoding=\"async\" loading=\"lazy\" width=\"512\" height=\"768\" data-id=\"90\" src=\"https:\/\/pro.souslacerise.fr\/wp-content\/uploads\/2013\/01\/IMG_1319.jpg\" alt=\"\" class=\"wp-image-90\" srcset=\"https:\/\/pro.souslacerise.fr\/wp-content\/uploads\/2013\/01\/IMG_1319.jpg 512w, https:\/\/pro.souslacerise.fr\/wp-content\/uploads\/2013\/01\/IMG_1319-200x300.jpg 200w\" sizes=\"(max-width: 512px) 100vw, 512px\" \/><\/a><figcaption class=\"wp-element-caption\">Assembl\u00e9e g\u00e9n\u00e9rale de l&rsquo;UFR d&rsquo;histoire, contre la loi P\u00e9cresse &#8211; 2009<\/figcaption><\/figure>\n\n\n\n<figure class=\"wp-block-image size-large\"><a href=\"https:\/\/pro.souslacerise.fr\/wp-content\/uploads\/2013\/01\/IMG_1321.jpg\"><img decoding=\"async\" loading=\"lazy\" width=\"1024\" height=\"683\" data-id=\"91\" src=\"https:\/\/pro.souslacerise.fr\/wp-content\/uploads\/2013\/01\/IMG_1321.jpg\" alt=\"\" class=\"wp-image-91\" srcset=\"https:\/\/pro.souslacerise.fr\/wp-content\/uploads\/2013\/01\/IMG_1321.jpg 1024w, https:\/\/pro.souslacerise.fr\/wp-content\/uploads\/2013\/01\/IMG_1321-300x200.jpg 300w\" sizes=\"(max-width: 1024px) 100vw, 1024px\" \/><\/a><figcaption class=\"wp-element-caption\">Assembl\u00e9e g\u00e9n\u00e9rale de l&rsquo;UFR d&rsquo;histoire, contre la loi P\u00e9cresse &#8211; 2009<\/figcaption><\/figure>\n\n\n\n<figure class=\"wp-block-image size-large\"><a href=\"https:\/\/pro.souslacerise.fr\/wp-content\/uploads\/2013\/01\/IMG_1517.jpg\"><img decoding=\"async\" loading=\"lazy\" width=\"1024\" height=\"683\" data-id=\"92\" src=\"https:\/\/pro.souslacerise.fr\/wp-content\/uploads\/2013\/01\/IMG_1517.jpg\" alt=\"\" class=\"wp-image-92\" srcset=\"https:\/\/pro.souslacerise.fr\/wp-content\/uploads\/2013\/01\/IMG_1517.jpg 1024w, https:\/\/pro.souslacerise.fr\/wp-content\/uploads\/2013\/01\/IMG_1517-300x200.jpg 300w\" sizes=\"(max-width: 1024px) 100vw, 1024px\" \/><\/a><figcaption class=\"wp-element-caption\">Manifestation contre la loi P\u00e9cresse &#8211; 2009<\/figcaption><\/figure>\n\n\n\n<figure class=\"wp-block-image size-large\"><a href=\"https:\/\/pro.souslacerise.fr\/wp-content\/uploads\/2013\/01\/IMG_1520.jpg\"><img decoding=\"async\" loading=\"lazy\" width=\"1024\" height=\"683\" data-id=\"93\" src=\"https:\/\/pro.souslacerise.fr\/wp-content\/uploads\/2013\/01\/IMG_1520.jpg\" alt=\"\" class=\"wp-image-93\" srcset=\"https:\/\/pro.souslacerise.fr\/wp-content\/uploads\/2013\/01\/IMG_1520.jpg 1024w, https:\/\/pro.souslacerise.fr\/wp-content\/uploads\/2013\/01\/IMG_1520-300x200.jpg 300w\" sizes=\"(max-width: 1024px) 100vw, 1024px\" \/><\/a><figcaption class=\"wp-element-caption\">Manifestation contre la loi P\u00e9cresse &#8211; 2009<\/figcaption><\/figure>\n\n\n\n<figure class=\"wp-block-image size-large\"><a href=\"https:\/\/pro.souslacerise.fr\/wp-content\/uploads\/2013\/01\/IMG_1802.jpg\"><img decoding=\"async\" loading=\"lazy\" width=\"1024\" height=\"683\" data-id=\"94\" src=\"https:\/\/pro.souslacerise.fr\/wp-content\/uploads\/2013\/01\/IMG_1802.jpg\" alt=\"\" class=\"wp-image-94\" srcset=\"https:\/\/pro.souslacerise.fr\/wp-content\/uploads\/2013\/01\/IMG_1802.jpg 1024w, https:\/\/pro.souslacerise.fr\/wp-content\/uploads\/2013\/01\/IMG_1802-300x200.jpg 300w\" sizes=\"(max-width: 1024px) 100vw, 1024px\" \/><\/a><figcaption class=\"wp-element-caption\">Cercle de silence sur le mal-logement \u00e0 Angoul\u00eame &#8211; 2011<\/figcaption><\/figure>\n\n\n\n<figure class=\"wp-block-image size-large\"><a href=\"https:\/\/pro.souslacerise.fr\/wp-content\/uploads\/2013\/01\/IMG_3110.jpg\"><img decoding=\"async\" loading=\"lazy\" width=\"512\" height=\"768\" data-id=\"95\" src=\"https:\/\/pro.souslacerise.fr\/wp-content\/uploads\/2013\/01\/IMG_3110.jpg\" alt=\"\" class=\"wp-image-95\" srcset=\"https:\/\/pro.souslacerise.fr\/wp-content\/uploads\/2013\/01\/IMG_3110.jpg 512w, https:\/\/pro.souslacerise.fr\/wp-content\/uploads\/2013\/01\/IMG_3110-200x300.jpg 200w\" sizes=\"(max-width: 512px) 100vw, 512px\" \/><\/a><figcaption class=\"wp-element-caption\">\u00c9lise Marie, soprane, lors d&rsquo;une repr\u00e9sentation du groupe Veni vedi canto &#8211; 2011<\/figcaption><\/figure>\n\n\n\n<figure class=\"wp-block-image size-large\"><a href=\"https:\/\/pro.souslacerise.fr\/wp-content\/uploads\/2013\/01\/IMG_5424.jpg\"><img decoding=\"async\" loading=\"lazy\" width=\"512\" height=\"768\" data-id=\"101\" src=\"https:\/\/pro.souslacerise.fr\/wp-content\/uploads\/2013\/01\/IMG_5424.jpg\" alt=\"\" class=\"wp-image-101\" srcset=\"https:\/\/pro.souslacerise.fr\/wp-content\/uploads\/2013\/01\/IMG_5424.jpg 512w, https:\/\/pro.souslacerise.fr\/wp-content\/uploads\/2013\/01\/IMG_5424-200x300.jpg 200w\" sizes=\"(max-width: 512px) 100vw, 512px\" \/><\/a><figcaption class=\"wp-element-caption\">F\u00eate pour la victoire socialiste aux \u00e9lections pr\u00e9sidentielles &#8211; Caen &#8211; 2012<\/figcaption><\/figure>\n\n\n\n<figure class=\"wp-block-image size-large\"><a href=\"https:\/\/pro.souslacerise.fr\/wp-content\/uploads\/2013\/01\/IMG_5410.jpg\"><img decoding=\"async\" loading=\"lazy\" width=\"512\" height=\"768\" data-id=\"100\" src=\"https:\/\/pro.souslacerise.fr\/wp-content\/uploads\/2013\/01\/IMG_5410.jpg\" alt=\"\" class=\"wp-image-100\" srcset=\"https:\/\/pro.souslacerise.fr\/wp-content\/uploads\/2013\/01\/IMG_5410.jpg 512w, https:\/\/pro.souslacerise.fr\/wp-content\/uploads\/2013\/01\/IMG_5410-200x300.jpg 200w\" sizes=\"(max-width: 512px) 100vw, 512px\" \/><\/a><figcaption class=\"wp-element-caption\">F\u00eate pour la victoire socialiste aux \u00e9lections pr\u00e9sidentielles &#8211; Caen &#8211; 2012<\/figcaption><\/figure>\n\n\n\n<figure class=\"wp-block-image size-large\"><a href=\"https:\/\/pro.souslacerise.fr\/wp-content\/uploads\/2013\/01\/IMG_5407.jpg\"><img decoding=\"async\" loading=\"lazy\" width=\"1024\" height=\"683\" data-id=\"99\" src=\"https:\/\/pro.souslacerise.fr\/wp-content\/uploads\/2013\/01\/IMG_5407.jpg\" alt=\"\" class=\"wp-image-99\" srcset=\"https:\/\/pro.souslacerise.fr\/wp-content\/uploads\/2013\/01\/IMG_5407.jpg 1024w, https:\/\/pro.souslacerise.fr\/wp-content\/uploads\/2013\/01\/IMG_5407-300x200.jpg 300w\" sizes=\"(max-width: 1024px) 100vw, 1024px\" \/><\/a><figcaption class=\"wp-element-caption\">F\u00eate pour la victoire socialiste aux \u00e9lections pr\u00e9sidentielles &#8211; Caen &#8211; 2012<\/figcaption><\/figure>\n\n\n\n<figure class=\"wp-block-image size-large\"><a href=\"https:\/\/pro.souslacerise.fr\/wp-content\/uploads\/2013\/01\/IMG_5384.jpg\"><img decoding=\"async\" loading=\"lazy\" width=\"1024\" height=\"683\" data-id=\"98\" src=\"https:\/\/pro.souslacerise.fr\/wp-content\/uploads\/2013\/01\/IMG_5384.jpg\" alt=\"\" class=\"wp-image-98\" srcset=\"https:\/\/pro.souslacerise.fr\/wp-content\/uploads\/2013\/01\/IMG_5384.jpg 1024w, https:\/\/pro.souslacerise.fr\/wp-content\/uploads\/2013\/01\/IMG_5384-300x200.jpg 300w\" sizes=\"(max-width: 1024px) 100vw, 1024px\" \/><\/a><figcaption class=\"wp-element-caption\">F\u00eate pour la victoire socialiste aux \u00e9lections pr\u00e9sidentielles &#8211; Caen &#8211; 2012<\/figcaption><\/figure>\n\n\n\n<figure class=\"wp-block-image size-large\"><a href=\"https:\/\/pro.souslacerise.fr\/wp-content\/uploads\/2013\/01\/IMG_4401.jpg\"><img decoding=\"async\" loading=\"lazy\" width=\"512\" height=\"768\" data-id=\"97\" src=\"https:\/\/pro.souslacerise.fr\/wp-content\/uploads\/2013\/01\/IMG_4401.jpg\" alt=\"\" class=\"wp-image-97\" srcset=\"https:\/\/pro.souslacerise.fr\/wp-content\/uploads\/2013\/01\/IMG_4401.jpg 512w, https:\/\/pro.souslacerise.fr\/wp-content\/uploads\/2013\/01\/IMG_4401-200x300.jpg 200w\" sizes=\"(max-width: 512px) 100vw, 512px\" \/><\/a><figcaption class=\"wp-element-caption\">Spectacle de Jean-Pierre Labb\u00e9 sur Claude Nougaro<\/figcaption><\/figure>\n\n\n\n<figure class=\"wp-block-image size-large\"><a href=\"https:\/\/pro.souslacerise.fr\/wp-content\/uploads\/2013\/01\/IMG_3411.jpg\"><img decoding=\"async\" loading=\"lazy\" width=\"1024\" height=\"683\" data-id=\"96\" src=\"https:\/\/pro.souslacerise.fr\/wp-content\/uploads\/2013\/01\/IMG_3411.jpg\" alt=\"\" class=\"wp-image-96\" srcset=\"https:\/\/pro.souslacerise.fr\/wp-content\/uploads\/2013\/01\/IMG_3411.jpg 1024w, https:\/\/pro.souslacerise.fr\/wp-content\/uploads\/2013\/01\/IMG_3411-300x200.jpg 300w\" sizes=\"(max-width: 1024px) 100vw, 1024px\" \/><\/a><figcaption class=\"wp-element-caption\">Gros plan g\u00e9n\u00e9rique sur des cerises.<\/figcaption><\/figure>\n\n\n\n<figure class=\"wp-block-image size-large\"><a href=\"https:\/\/pro.souslacerise.fr\/wp-content\/uploads\/2013\/01\/IMG_6157.jpg\"><img decoding=\"async\" loading=\"lazy\" width=\"1024\" height=\"683\" data-id=\"102\" src=\"https:\/\/pro.souslacerise.fr\/wp-content\/uploads\/2013\/01\/IMG_6157.jpg\" alt=\"\" class=\"wp-image-102\" srcset=\"https:\/\/pro.souslacerise.fr\/wp-content\/uploads\/2013\/01\/IMG_6157.jpg 1024w, https:\/\/pro.souslacerise.fr\/wp-content\/uploads\/2013\/01\/IMG_6157-300x200.jpg 300w\" sizes=\"(max-width: 1024px) 100vw, 1024px\" \/><\/a><figcaption class=\"wp-element-caption\">Spectacle sur les quais de la Pr\u00e9valay \u00e0 Rennes &#8211; 2009<\/figcaption><\/figure>\n\n\n\n<figure class=\"wp-block-image size-large\"><a href=\"https:\/\/pro.souslacerise.fr\/wp-content\/uploads\/2013\/01\/IMG_8591.jpg\"><img decoding=\"async\" loading=\"lazy\" width=\"1024\" height=\"683\" data-id=\"103\" src=\"https:\/\/pro.souslacerise.fr\/wp-content\/uploads\/2013\/01\/IMG_8591.jpg\" alt=\"\" class=\"wp-image-103\" srcset=\"https:\/\/pro.souslacerise.fr\/wp-content\/uploads\/2013\/01\/IMG_8591.jpg 1024w, https:\/\/pro.souslacerise.fr\/wp-content\/uploads\/2013\/01\/IMG_8591-300x200.jpg 300w\" sizes=\"(max-width: 1024px) 100vw, 1024px\" \/><\/a><figcaption class=\"wp-element-caption\">Atelier photo sur l&rsquo;Universit\u00e9 de Caen &#8211; 2010<\/figcaption><\/figure>\n\n\n\n<figure class=\"wp-block-image size-large\"><a href=\"https:\/\/pro.souslacerise.fr\/wp-content\/uploads\/2013\/01\/IMG_8604.jpg\"><img decoding=\"async\" loading=\"lazy\" width=\"1024\" height=\"683\" data-id=\"104\" src=\"https:\/\/pro.souslacerise.fr\/wp-content\/uploads\/2013\/01\/IMG_8604.jpg\" alt=\"\" class=\"wp-image-104\" srcset=\"https:\/\/pro.souslacerise.fr\/wp-content\/uploads\/2013\/01\/IMG_8604.jpg 1024w, https:\/\/pro.souslacerise.fr\/wp-content\/uploads\/2013\/01\/IMG_8604-300x200.jpg 300w\" sizes=\"(max-width: 1024px) 100vw, 1024px\" \/><\/a><figcaption class=\"wp-element-caption\">Atelier photo sur l&rsquo;Universit\u00e9 de Caen &#8211; 2010<\/figcaption><\/figure>\n\n\n\n<figure class=\"wp-block-image size-large\"><a href=\"https:\/\/pro.souslacerise.fr\/wp-content\/uploads\/2013\/01\/IMG_8617.jpg\"><img decoding=\"async\" loading=\"lazy\" width=\"1024\" height=\"683\" data-id=\"105\" src=\"https:\/\/pro.souslacerise.fr\/wp-content\/uploads\/2013\/01\/IMG_8617.jpg\" alt=\"\" class=\"wp-image-105\" srcset=\"https:\/\/pro.souslacerise.fr\/wp-content\/uploads\/2013\/01\/IMG_8617.jpg 1024w, https:\/\/pro.souslacerise.fr\/wp-content\/uploads\/2013\/01\/IMG_8617-300x200.jpg 300w\" sizes=\"(max-width: 1024px) 100vw, 1024px\" \/><\/a><figcaption class=\"wp-element-caption\">Atelier photo sur l&rsquo;Universit\u00e9 de Caen &#8211; 2010<\/figcaption><\/figure>\n\n\n\n<figure class=\"wp-block-image size-large\"><a href=\"https:\/\/pro.souslacerise.fr\/wp-content\/uploads\/2013\/01\/IMG_8636.jpg\"><img decoding=\"async\" loading=\"lazy\" width=\"1024\" height=\"683\" data-id=\"106\" src=\"https:\/\/pro.souslacerise.fr\/wp-content\/uploads\/2013\/01\/IMG_8636.jpg\" alt=\"\" class=\"wp-image-106\" srcset=\"https:\/\/pro.souslacerise.fr\/wp-content\/uploads\/2013\/01\/IMG_8636.jpg 1024w, https:\/\/pro.souslacerise.fr\/wp-content\/uploads\/2013\/01\/IMG_8636-300x200.jpg 300w\" sizes=\"(max-width: 1024px) 100vw, 1024px\" \/><\/a><figcaption class=\"wp-element-caption\">Atelier photo sur l&rsquo;Universit\u00e9 de Caen &#8211; 2010<\/figcaption><\/figure>\n\n\n\n<figure class=\"wp-block-image size-large\"><a href=\"https:\/\/pro.souslacerise.fr\/wp-content\/uploads\/2013\/01\/IMG_8690.jpg\"><img decoding=\"async\" loading=\"lazy\" width=\"1024\" height=\"683\" data-id=\"107\" src=\"https:\/\/pro.souslacerise.fr\/wp-content\/uploads\/2013\/01\/IMG_8690.jpg\" alt=\"\" class=\"wp-image-107\" srcset=\"https:\/\/pro.souslacerise.fr\/wp-content\/uploads\/2013\/01\/IMG_8690.jpg 1024w, https:\/\/pro.souslacerise.fr\/wp-content\/uploads\/2013\/01\/IMG_8690-300x200.jpg 300w\" sizes=\"(max-width: 1024px) 100vw, 1024px\" \/><\/a><figcaption class=\"wp-element-caption\">Atelier photo sur l&rsquo;Universit\u00e9 de Caen &#8211; 2010<\/figcaption><\/figure>\n\n\n\n<figure class=\"wp-block-image size-large\"><a href=\"https:\/\/pro.souslacerise.fr\/wp-content\/uploads\/2013\/01\/IMG_8972.jpg\"><img decoding=\"async\" loading=\"lazy\" width=\"1024\" height=\"683\" data-id=\"108\" src=\"https:\/\/pro.souslacerise.fr\/wp-content\/uploads\/2013\/01\/IMG_8972.jpg\" alt=\"\" class=\"wp-image-108\" srcset=\"https:\/\/pro.souslacerise.fr\/wp-content\/uploads\/2013\/01\/IMG_8972.jpg 1024w, https:\/\/pro.souslacerise.fr\/wp-content\/uploads\/2013\/01\/IMG_8972-300x200.jpg 300w\" sizes=\"(max-width: 1024px) 100vw, 1024px\" \/><\/a><figcaption class=\"wp-element-caption\">Religieuse du Ch\u0153ur Universitaire de Ruzomberok &#8211; Caen &#8211; 2010<\/figcaption><\/figure>\n<\/figure>\n","protected":false},"excerpt":{"rendered":"<p class=\"excerpt\">Je ne suis pas s\u00fbre de comprendre comment je me suis retrouv\u00e9e \u00e0 patauger dans la neige fondue, progressant aussi efficacement qu&rsquo;un manchot dans le d\u00e9sert, une b\u00e9quille dans chaque main, avec ma m\u00e8re qui portait mon mat\u00e9riel (et m\u2019emp\u00eachait de m&rsquo;\u00e9taler proprement dans la boue). Cet hiver 2013, j&rsquo;ai appris le job, tant bien que mal, malgr\u00e9 une jambe&hellip; <a href=\"https:\/\/pro.souslacerise.fr\/?page_id=136\">Read more &rarr;<\/a><\/p>\n","protected":false},"author":1,"featured_media":47,"parent":0,"menu_order":0,"comment_status":"closed","ping_status":"closed","template":"","meta":{"footnotes":""},"_links":{"self":[{"href":"https:\/\/pro.souslacerise.fr\/index.php?rest_route=\/wp\/v2\/pages\/136"}],"collection":[{"href":"https:\/\/pro.souslacerise.fr\/index.php?rest_route=\/wp\/v2\/pages"}],"about":[{"href":"https:\/\/pro.souslacerise.fr\/index.php?rest_route=\/wp\/v2\/types\/page"}],"author":[{"embeddable":true,"href":"https:\/\/pro.souslacerise.fr\/index.php?rest_route=\/wp\/v2\/users\/1"}],"replies":[{"embeddable":true,"href":"https:\/\/pro.souslacerise.fr\/index.php?rest_route=%2Fwp%2Fv2%2Fcomments&post=136"}],"version-history":[{"count":38,"href":"https:\/\/pro.souslacerise.fr\/index.php?rest_route=\/wp\/v2\/pages\/136\/revisions"}],"predecessor-version":[{"id":343,"href":"https:\/\/pro.souslacerise.fr\/index.php?rest_route=\/wp\/v2\/pages\/136\/revisions\/343"}],"wp:featuredmedia":[{"embeddable":true,"href":"https:\/\/pro.souslacerise.fr\/index.php?rest_route=\/wp\/v2\/media\/47"}],"wp:attachment":[{"href":"https:\/\/pro.souslacerise.fr\/index.php?rest_route=%2Fwp%2Fv2%2Fmedia&parent=136"}],"curies":[{"name":"wp","href":"https:\/\/api.w.org\/{rel}","templated":true}]}}